{"id":4798,"date":"2023-06-22T11:14:18","date_gmt":"2023-06-22T09:14:18","guid":{"rendered":"http:\/\/moravacem.hola.rs\/?page_id=4798"},"modified":"2024-04-10T11:19:54","modified_gmt":"2024-04-10T09:19:54","slug":"priroda","status":"publish","type":"page","link":"http:\/\/moravacem.hola.rs\/?page_id=4798","title":{"rendered":"KONKURSI I PROJEKTI"},"content":{"rendered":"\n<div class=\"wp-block-columns header-columns is-layout-flex wp-container-core-columns-is-layout-8f761849 wp-block-columns-is-layout-flex\">\n<div class=\"wp-block-column is-layout-flow wp-block-column-is-layout-flow\" style=\"flex-basis:10%\">\n<figure class=\"wp-block-image size-full back-image\"><img loading=\"lazy\" decoding=\"async\" width=\"57\" height=\"57\" src=\"http:\/\/tovaljevo.hola.rs\/wp-content\/uploads\/2023\/05\/Back.png\" alt=\"\" class=\"wp-image-3616\"\/><\/figure>\n<\/div>\n\n\n\n<div class=\"wp-block-column is-layout-flow wp-block-column-is-layout-flow\" style=\"flex-basis:30%\"><\/div>\n\n\n\n<div class=\"wp-block-column last-header-column is-layout-flow wp-block-column-is-layout-flow\" style=\"flex-basis:60%\">\n\n<\/div>\n<\/div>\n\n\n\n<section class=\"wp-block-qi-blocks-columns qodef-gutenberg-section qodef--template qodef-block-60889d74 qodef-col-num--1 qodef-col-layout--100 qodef-content--full-width\"><div class=\"qodef-section-background-overlay\"><\/div><div class=\"qodef-gutenberg-row\">\n<div class=\"wp-block-qi-blocks-column qodef-gutenberg-column qodef-block-30d66c56\"><div class=\"qodef-gutenberg-column-inner\">\n<figure class=\"wp-block-image size-full\"><img loading=\"lazy\" decoding=\"async\" width=\"1920\" height=\"700\" src=\"http:\/\/moravacem.hola.rs\/wp-content\/uploads\/2024\/04\/konkursi-1.jpg\" alt=\"\" class=\"wp-image-6313\" srcset=\"http:\/\/moravacem.hola.rs\/wp-content\/uploads\/2024\/04\/konkursi-1.jpg 1920w, http:\/\/moravacem.hola.rs\/wp-content\/uploads\/2024\/04\/konkursi-1-300x109.jpg 300w, http:\/\/moravacem.hola.rs\/wp-content\/uploads\/2024\/04\/konkursi-1-1024x373.jpg 1024w, http:\/\/moravacem.hola.rs\/wp-content\/uploads\/2024\/04\/konkursi-1-768x280.jpg 768w, http:\/\/moravacem.hola.rs\/wp-content\/uploads\/2024\/04\/konkursi-1-1536x560.jpg 1536w, http:\/\/moravacem.hola.rs\/wp-content\/uploads\/2024\/04\/konkursi-1-1568x572.jpg 1568w\" sizes=\"auto, (max-width: 1920px) 100vw, 1920px\" \/><\/figure>\n<\/div><\/div>\n<\/div><\/section>\n\n\n\n<section class=\"wp-block-qi-blocks-columns qodef-gutenberg-section qodef--template qodef-block-fbf4f251 qodef-col-num--3 qodef-col-layout--16-66-16 qodef-content--boxed\"><div class=\"qodef-section-background-overlay\"><\/div><div class=\"qodef-gutenberg-row\">\n<div class=\"wp-block-qi-blocks-column qodef-gutenberg-column qodef-block-4ec09aef\"><div class=\"qodef-gutenberg-column-inner\"><\/div><\/div>\n\n\n\n<div class=\"wp-block-qi-blocks-column qodef-gutenberg-column qodef-block-57a0bd62\"><div class=\"qodef-gutenberg-column-inner\">\n<p class=\"has-text-align-center has-extra-large-font-size wp-block-paragraph\"><mark style=\"background-color:rgba(0, 0, 0, 0)\" class=\"has-inline-color has-black-color\"><strong>Partnerstvo <\/strong><\/mark><br><mark style=\"background-color:rgba(0, 0, 0, 0)\" class=\"has-inline-color has-black-color\"><strong>za budu\u0107nost<\/strong><\/mark><\/p>\n\n\n\n<div class=\"wp-block-qi-blocks-spacer qodef-block-container qodef-block-c73dea85\"><div class=\"qi-block-spacer qodef-block qodef-m\"><\/div><\/div>\n\n\n\n<p class=\"has-large-font-size wp-block-paragraph\"><mark style=\"background-color:rgba(0, 0, 0, 0)\" class=\"has-inline-color has-black-color\">Kompanija Moravacem \u010detrnaest godina unazad organizuje konkurs ,,Partnerstvo za budu\u0107nost&#8220; za koji mogu da se prijave sve organizacije, ustanove i udru\u017eenja gra\u0111ana svojim idejnim projektima.<\/mark>.<\/p>\n\n\n\n<div class=\"wp-block-qi-blocks-spacer qodef-block-container qodef-block-b1b8e1ee\"><div class=\"qi-block-spacer qodef-block qodef-m\"><\/div><\/div>\n<\/div><\/div>\n\n\n\n<div class=\"wp-block-qi-blocks-column qodef-gutenberg-column qodef-block-17467577\"><div class=\"qodef-gutenberg-column-inner\"><\/div><\/div>\n<\/div><\/section>\n\n\n\n<section class=\"wp-block-qi-blocks-columns qodef-gutenberg-section qodef--template qodef-block-25a9de4d qodef-col-num--3 qodef-col-layout--16-66-16 qodef-content--boxed\"><div class=\"qodef-section-background-overlay\"><\/div><div class=\"qodef-gutenberg-row\">\n<div class=\"wp-block-qi-blocks-column qodef-gutenberg-column qodef-block-0f0c64e3\"><div class=\"qodef-gutenberg-column-inner\"><\/div><\/div>\n\n\n\n<div class=\"wp-block-qi-blocks-column qodef-gutenberg-column qodef-block-d2bd24f8\"><div class=\"qodef-gutenberg-column-inner\">\n<p class=\"has-text-align-center has-extra-large-font-size wp-block-paragraph\"><mark style=\"background-color:rgba(0, 0, 0, 0)\" class=\"has-inline-color has-black-color\"><strong>Kako je bilo <\/strong><\/mark><br><mark style=\"background-color:rgba(0, 0, 0, 0)\" class=\"has-inline-color has-black-color\"><strong>2023. godine<\/strong><\/mark><\/p>\n\n\n\n<p class=\"has-text-align-left has-large-font-size wp-block-paragraph\"><mark style=\"background-color:rgba(0, 0, 0, 0)\" class=\"has-inline-color has-black-color\"><br><\/mark><\/p>\n\n\n\n<p class=\"has-black-color has-text-color has-link-color has-large-font-size wp-elements-8dea6a6dc943febbe91cc82532e5a1b1 wp-block-paragraph\">Konkurs je bio otvoren od 3. do 30. aprila 2023. godine za sve neprofitne organizacije, ustanove i udru\u017eenja gra\u0111ana registrovane na teritoriji op\u0161tine Para\u0107in.<\/p>\n\n\n\n<p class=\"wp-block-paragraph\">Ove godine je pristiglo 52 projekta.<\/p>\n\n\n\n<p class=\"wp-block-paragraph\">Ukupan fond za nagrade iznosi 50.000 evra, a \u017eiri je odlu\u010dio da nagradi trinaest kvalitetnih projekata koji su ispunili sve zahteve konkursa.<\/p>\n\n\n\n<p class=\"has-black-color has-text-color has-link-color has-large-font-size wp-elements-65c33e863ecc8711eae705e344bcbd22 wp-block-paragraph\">Odlukom \u017eirija, sastavljenog od predstavnika kompanije Moravacem, a u skladu sa Uslovima konkursa, progla\u0161eni su slede\u0107i pobednici \u010detrnaestog po redu konkursa \u201cPartnerstvo za budu\u0107nost\u201d:<\/p>\n\n\n\n<p class=\"has-text-align-left has-large-font-size wp-block-paragraph\"><br><\/p>\n<\/div><\/div>\n\n\n\n<div class=\"wp-block-qi-blocks-column qodef-gutenberg-column qodef-block-8b4d94e5\"><div class=\"qodef-gutenberg-column-inner\"><\/div><\/div>\n<\/div><\/section>\n\n\n\n<section class=\"wp-block-qi-blocks-columns qodef-gutenberg-section qodef--template qodef-block-e7b3a296 qodef-col-num--3 qodef-col-layout--16-66-16 qodef-content--boxed\"><div class=\"qodef-section-background-overlay\"><\/div><div class=\"qodef-gutenberg-row\">\n<div class=\"wp-block-qi-blocks-column qodef-gutenberg-column qodef-block-37f183c0\"><div class=\"qodef-gutenberg-column-inner\"><\/div><\/div>\n\n\n\n<div class=\"wp-block-qi-blocks-column qodef-gutenberg-column qodef-block-87a73600\"><div class=\"qodef-gutenberg-column-inner\">\n<p class=\"has-black-color has-text-color has-link-color has-large-font-size wp-elements-f977d58f9eb4bacf30e5d63489b065cf wp-block-paragraph\"><strong>Udru\u017eenje \u201ePametan si \u010dovek\u201c<\/strong> \u2013 \u201cZeleno znanje za budu\u0107nost\u201d<br><strong>Centar za razvoj preduzetni\u0161tva i inovacija \u201eSMART CONNECTIONS\u201c<\/strong> \u2013 \u201cZeleni mini hakaton za u\u010denike srednjih \u0161kola u Para\u0107inu\u201d<br><strong>Udru\u017eenje gra\u0111ana \u201e\u0110ur\u0111evdan\u201c<\/strong> \u2013 \u201cRani brakovi \u2013 Kr\u0161enje prava Romkinja\u201d<br><strong>Udru\u017eenje \u201eCentar za za\u0161titu \u017ertava porodi\u010dnog nasilja\u201c<\/strong> \u2013 \u201cPomozi prijatelju \u2013 nije druga\u010diji samo mu treba pomo\u0107\u201d<br><strong>Udru\u017eenje gra\u0111ana \u201eMedija centar Para\u0107in\u201c<\/strong> \u2013 \u201cDruga\u010diji \u2013 pa \u0161ta\u201d<br><strong>Lokalna akciona grupa \u2013 LAG Para\u0107in<\/strong> \u2013 \u201cPrevencija i o\u010duvanje mentalnog zdravlja mladih\u201d<br><strong>Gimnazija Para\u0107in \u2013 \u201cZelena u\u010dionica<\/strong> \u2013 resurs centar za bio-nauke, ekologiju i odr\u017eivi razvoj\u201d<br><strong>Ekolo\u0161ko obrazovni centar EKOS<\/strong> \u2013 \u201cOd otpada do sirovine\u201d<br>UNEKOOP \u2013 \u201cKa odr\u017eivom upravljanju otpadom u Op\u0161tini Para\u0107in\u201d<br><strong>Udru\u017eenje za za\u0161titu ljudskih prava i \u017eivotne sredine \u201eOMEGA\u201c<\/strong> \u2013 \u201cEko kamp 2023\u201d<br><strong>Studentska organizacija Para\u0107in<\/strong> \u2013 \u201cReciklirajmo zajedno\u201d<br><strong>Udru\u017eenje \u201ePetrus\u201c Zabrega<\/strong> \u2013 \u201cDo\u017eivi Malu Svetu Goru\u201d<br><strong>O\u0160 \u201eBranko Radi\u010devi\u0107\u201c Popovac<\/strong> \u2013 \u201cUre\u0111enje \u0161kolskog dvori\u0161ta mati\u010dne \u0161kole u Popovcu\u201d<\/p>\n<\/div><\/div>\n\n\n\n<div class=\"wp-block-qi-blocks-column qodef-gutenberg-column qodef-block-cf02077a\"><div class=\"qodef-gutenberg-column-inner\"><\/div><\/div>\n<\/div><\/section>\n\n\n\n<section class=\"wp-block-qi-blocks-columns qodef-gutenberg-section qodef--template qodef-block-3473bc8f qodef-col-num--3 qodef-col-layout--16-66-16 qodef-content--boxed\"><div class=\"qodef-section-background-overlay\"><\/div><div class=\"qodef-gutenberg-row\">\n<div class=\"wp-block-qi-blocks-column qodef-gutenberg-column qodef-block-1a24146c\"><div class=\"qodef-gutenberg-column-inner\"><\/div><\/div>\n\n\n\n<div class=\"wp-block-qi-blocks-column qodef-gutenberg-column qodef-block-f3f16cdb\"><div class=\"qodef-gutenberg-column-inner\">\n<p class=\"has-black-color has-text-color has-link-color has-large-font-size wp-elements-6947d7ffdf4437af838b28d71ac46ef5 wp-block-paragraph\">\u017diri se pri odabiru rukovodio relevantno\u0161\u0107u projekata za potrebe lokalne zajednice, potencijalu odr\u017eivosti, ali i uskla\u0111enosti sa temama koje kompanija podr\u017eava svojom Strategijom dru\u0161tveno odgovornog poslovanja:<\/p>\n<\/div><\/div>\n\n\n\n<div class=\"wp-block-qi-blocks-column qodef-gutenberg-column qodef-block-b8f2fd0f\"><div class=\"qodef-gutenberg-column-inner\"><\/div><\/div>\n<\/div><\/section>\n\n\n\n<section class=\"wp-block-qi-blocks-columns qodef-gutenberg-section qodef--template qodef-block-fb5f6950 qodef-col-num--3 qodef-col-layout--16-66-16 qodef-content--boxed qodef-entrance-animation--on qodef-animation-speed--normal\" data-animation=\"fadeInLeft\"><div class=\"qodef-section-background-overlay\"><\/div><div class=\"qodef-gutenberg-row\">\n<div class=\"wp-block-qi-blocks-column qodef-gutenberg-column qodef-block-017686ab\"><div class=\"qodef-gutenberg-column-inner\"><\/div><\/div>\n\n\n\n<div class=\"wp-block-qi-blocks-column qodef-gutenberg-column qodef-block-04ca18cb\"><div class=\"qodef-gutenberg-column-inner\">\n<p class=\"has-text-align-center has-white-color has-text-color has-link-color wp-elements-e0ebde88f2932489dcd95ebd02053e2a wp-block-paragraph\" style=\"font-size:46px\">\u25cf <strong>ZA NA\u0160E MLADE \u25cf<br>\u25cf<\/strong> <strong>ZA ZDRAVIJU \u017dIVOTNU SREDINU\u25cf <br>\u25cf<\/strong> <strong>ZA BOLJI \u017dIVOT<\/strong> \u25cf<\/p>\n<\/div><\/div>\n\n\n\n<div class=\"wp-block-qi-blocks-column qodef-gutenberg-column qodef-block-d612ab59\"><div class=\"qodef-gutenberg-column-inner\"><\/div><\/div>\n<\/div><\/section>\n\n\n\n<section class=\"wp-block-qi-blocks-columns qodef-gutenberg-section qodef--template qodef-block-6ad82f38 qodef-col-num--3 qodef-col-layout--16-66-16 qodef-content--full-width\"><div class=\"qodef-section-background-overlay\"><\/div><div class=\"qodef-gutenberg-row\">\n<div class=\"wp-block-qi-blocks-column qodef-gutenberg-column qodef-block-ea35c89d\"><div class=\"qodef-gutenberg-column-inner\"><\/div><\/div>\n\n\n\n<div class=\"wp-block-qi-blocks-column qodef-gutenberg-column qodef-block-40b4397c\"><div class=\"qodef-gutenberg-column-inner\">\n<p class=\"has-text-align-center has-extra-large-font-size wp-block-paragraph\"><mark style=\"background-color:rgba(0, 0, 0, 0)\" class=\"has-inline-color has-black-color\"><strong>KRITERIJUMI KOJE <\/strong><\/mark><br><mark style=\"background-color:rgba(0, 0, 0, 0)\" class=\"has-inline-color has-black-color\"><strong>ISPUNJAVAJU PROJEKTI<\/strong><\/mark><\/p>\n<\/div><\/div>\n\n\n\n<div class=\"wp-block-qi-blocks-column qodef-gutenberg-column qodef-block-5fa2ef89\"><div class=\"qodef-gutenberg-column-inner\"><\/div><\/div>\n<\/div><\/section>\n\n\n\n<section class=\"wp-block-qi-blocks-columns qodef-gutenberg-section qodef--template qodef-block-df0292b7 qodef-col-num--3 qodef-col-layout--16-66-16 qodef-content--boxed\"><div class=\"qodef-section-background-overlay\"><\/div><div class=\"qodef-gutenberg-row\">\n<div class=\"wp-block-qi-blocks-column qodef-gutenberg-column qodef-block-5856a34f\"><div class=\"qodef-gutenberg-column-inner\"><\/div><\/div>\n\n\n\n<div class=\"wp-block-qi-blocks-column qodef-gutenberg-column qodef-block-de64335f\"><div class=\"qodef-gutenberg-column-inner\">\n<p class=\"has-black-color has-text-color has-link-color has-large-font-size wp-elements-d2e3588f7c90dbb3ace6f18de87df6b7 wp-block-paragraph\"><strong>ZA NA\u0160E MLADE<\/strong><br><\/p>\n\n\n\n<div class=\"wp-block-qi-blocks-spacer qodef-block-container qodef-block-e2e05367\"><div class=\"qi-block-spacer qodef-block qodef-m\"><\/div><\/div>\n\n\n\n<p class=\"has-black-color has-text-color has-link-color has-large-font-size wp-elements-7164ad9228b29f9e1e75f092df55b45f wp-block-paragraph\"><strong><br>Edukacija dece i mladih (op\u0161tina Para\u0107in) \u2013 inicijative koje za cilj imaju edukaciju dece i mladih u lokalnoj zajednici u slede\u0107im oblastima:<\/strong><br><br>\u25cf Podizanje svesti o za\u0161titi \u017eivotne sredine (recikla\u017ea otpada, \u010duvanje prirodnih resursa, voda, primarna goriva vs. alternativni izvori, itd.);<br>\u25cf Zdravlje \u2013 unapre\u0111enje mentalnog i fizi\u010dkog zdravlja;<br>\u25cfRazli\u010ditost i inkluzija \u2013 podizanje svesti kod mladih i dece o postojanju osetljivih dru\u0161tvenih grupa i va\u017enosti prihvatanja razli\u010ditosti i po\u0161tovanja diverziteta;<br>\u25cf Promocija odr\u017eivih gra\u0111evinskih re\u0161enja u cilju pribli\u017eavanja gra\u0111evinske delatnosti novim generacijama.<\/p>\n<\/div><\/div>\n\n\n\n<div class=\"wp-block-qi-blocks-column qodef-gutenberg-column qodef-block-cbd90515\"><div class=\"qodef-gutenberg-column-inner\"><\/div><\/div>\n<\/div><\/section>\n\n\n\n<section class=\"wp-block-qi-blocks-columns qodef-gutenberg-section qodef--template qodef-block-8fdfbc18 qodef-col-num--3 qodef-col-layout--16-66-16 qodef-content--boxed\"><div class=\"qodef-section-background-overlay\"><\/div><div class=\"qodef-gutenberg-row\">\n<div class=\"wp-block-qi-blocks-column qodef-gutenberg-column qodef-block-00245c30\"><div class=\"qodef-gutenberg-column-inner\"><\/div><\/div>\n\n\n\n<div class=\"wp-block-qi-blocks-column qodef-gutenberg-column qodef-block-9c76476a\"><div class=\"qodef-gutenberg-column-inner\">\n<p class=\"has-black-color has-text-color has-link-color has-large-font-size wp-elements-2f6a1980f2160ba596a60e9fbf98adde wp-block-paragraph\"><strong>ZA ZDRAVIJU \u017dIVOTNU SREDINU<\/strong><\/p>\n\n\n\n<div class=\"wp-block-qi-blocks-spacer qodef-block-container qodef-block-10f1e065\"><div class=\"qi-block-spacer qodef-block qodef-m\"><\/div><\/div>\n\n\n\n<p class=\"wp-block-paragraph\"><\/p>\n\n\n\n<p class=\"has-black-color has-text-color has-link-color has-large-font-size wp-elements-65b051d3d29b05a30bcd66d2ba6436b9 wp-block-paragraph\"><strong><br>Za\u0161tita \u017eivotne sredine (op\u0161tina Para\u0107in) \u2013 konkretne inicijative koje imaju za cilj:<\/strong><br><br>\u25cf Unapre\u0111enje za\u0161tite \u017eivotne sredine u lokalnoj zajednici \u2013 klasifikacija i upravljanje otpadom, alternativna goriva, deponije, kvalitet vazduha, itd.<br>\u25cf Alternativna goriva kao re\u0161enje problema otpada u lokalnoj zajednici.<\/p>\n<\/div><\/div>\n\n\n\n<div class=\"wp-block-qi-blocks-column qodef-gutenberg-column qodef-block-70a8f9b8\"><div class=\"qodef-gutenberg-column-inner\"><\/div><\/div>\n<\/div><\/section>\n\n\n\n<section class=\"wp-block-qi-blocks-columns qodef-gutenberg-section qodef--template qodef-block-9a363cc1 qodef-col-num--3 qodef-col-layout--16-66-16 qodef-content--boxed\"><div class=\"qodef-section-background-overlay\"><\/div><div class=\"qodef-gutenberg-row\">\n<div class=\"wp-block-qi-blocks-column qodef-gutenberg-column qodef-block-585813c8\"><div class=\"qodef-gutenberg-column-inner\"><\/div><\/div>\n\n\n\n<div class=\"wp-block-qi-blocks-column qodef-gutenberg-column qodef-block-353bbd16\"><div class=\"qodef-gutenberg-column-inner\">\n<p class=\"has-black-color has-text-color has-link-color has-large-font-size wp-elements-ef205ac545ac0b76bca586224a361a2b wp-block-paragraph\"><strong>ZA BOLJI \u017dIVOT<\/strong><\/p>\n\n\n\n<div class=\"wp-block-qi-blocks-spacer qodef-block-container qodef-block-59c2f7e9\"><div class=\"qi-block-spacer qodef-block qodef-m\"><\/div><\/div>\n\n\n\n<p class=\"has-black-color has-text-color has-link-color has-large-font-size wp-elements-d2fe34cc788ad5284d1a234189a9f020 wp-block-paragraph\"><br><strong>Re\u0161enja za podizanje nivoa kvaliteta \u017eivota u Popovcu i neposrednoj okolini (Zabrega, Stubica, Buljane i Bo\u0161njane \u2013 u daljem tekstu lokalna zajednica):<\/strong><br><br>\u25cf Unapre\u0111enje op\u0161teg kvaliteta \u017eivota stanovnika<br>\u25cf Podr\u0161ka aktivnostima koje promovi\u0161u kulturolo\u0161ke specifi\u010dnosti lokalne zajednice, o\u010duvanje kulturne ba\u0161tine i podsticanje turizma<br>\u25cf Podr\u0161ka projektima koji promovi\u0161u sinergiju tj. zajedni\u010dke aktivnosti lokalne zajednice i fabrike cementa vezane za za\u0161titu \u017eivotne sredine<\/p>\n<\/div><\/div>\n\n\n\n<div class=\"wp-block-qi-blocks-column qodef-gutenberg-column qodef-block-492e3b51\"><div class=\"qodef-gutenberg-column-inner\"><\/div><\/div>\n<\/div><\/section>\n","protected":false},"excerpt":{"rendered":"","protected":false},"author":1,"featured_media":0,"parent":0,"menu_order":0,"comment_status":"closed","ping_status":"closed","template":"","meta":{"footnotes":""},"class_list":["post-4798","page","type-page","status-publish","hentry","entry"],"_links":{"self":[{"href":"http:\/\/moravacem.hola.rs\/index.php?rest_route=\/wp\/v2\/pages\/4798","targetHints":{"allow":["GET"]}}],"collection":[{"href":"http:\/\/moravacem.hola.rs\/index.php?rest_route=\/wp\/v2\/pages"}],"about":[{"href":"http:\/\/moravacem.hola.rs\/index.php?rest_route=\/wp\/v2\/types\/page"}],"author":[{"embeddable":true,"href":"http:\/\/moravacem.hola.rs\/index.php?rest_route=\/wp\/v2\/users\/1"}],"replies":[{"embeddable":true,"href":"http:\/\/moravacem.hola.rs\/index.php?rest_route=%2Fwp%2Fv2%2Fcomments&post=4798"}],"version-history":[{"count":34,"href":"http:\/\/moravacem.hola.rs\/index.php?rest_route=\/wp\/v2\/pages\/4798\/revisions"}],"predecessor-version":[{"id":6340,"href":"http:\/\/moravacem.hola.rs\/index.php?rest_route=\/wp\/v2\/pages\/4798\/revisions\/6340"}],"wp:attachment":[{"href":"http:\/\/moravacem.hola.rs\/index.php?rest_route=%2Fwp%2Fv2%2Fmedia&parent=4798"}],"curies":[{"name":"wp","href":"https:\/\/api.w.org\/{rel}","templated":true}]}}