{"id":4350,"date":"2023-06-26T11:48:05","date_gmt":"2023-06-26T09:48:05","guid":{"rendered":"http:\/\/moravacem.hola.rs\/?page_id=4350"},"modified":"2024-04-12T09:20:28","modified_gmt":"2024-04-12T07:20:28","slug":"donje-podunavlje","status":"publish","type":"page","link":"http:\/\/moravacem.hola.rs\/?page_id=4350","title":{"rendered":"TURISTI\u010cKE ATRAKCIJE"},"content":{"rendered":"\n<h2 class=\"wp-block-heading\"><\/h2>\n\n\n\n<div class=\"wp-block-columns header-columns is-layout-flex wp-container-core-columns-is-layout-8f761849 wp-block-columns-is-layout-flex\">\n<div class=\"wp-block-column is-layout-flow wp-block-column-is-layout-flow\" style=\"flex-basis:10%\">\n<figure class=\"wp-block-image size-full back-image\"><img loading=\"lazy\" decoding=\"async\" width=\"57\" height=\"57\" src=\"http:\/\/tovaljevo.hola.rs\/wp-content\/uploads\/2023\/05\/Back.png\" alt=\"\" class=\"wp-image-3616\"\/><\/figure>\n<\/div>\n\n\n\n<div class=\"wp-block-column is-layout-flow wp-block-column-is-layout-flow\" style=\"flex-basis:30%\"><\/div>\n\n\n\n<div class=\"wp-block-column last-header-column is-layout-flow wp-block-column-is-layout-flow\" style=\"flex-basis:60%\">\n\n<\/div>\n<\/div>\n\n\n\n<section class=\"wp-block-qi-blocks-columns qodef-gutenberg-section qodef--template qodef-block-668cbb39 qodef-col-num--1 qodef-col-layout--100 qodef-content--full-width\"><div class=\"qodef-section-background-overlay\"><\/div><div class=\"qodef-gutenberg-row\">\n<div class=\"wp-block-qi-blocks-column qodef-gutenberg-column qodef-block-da8a741a\"><div class=\"qodef-gutenberg-column-inner\">\n<figure class=\"wp-block-image size-full\"><img loading=\"lazy\" decoding=\"async\" width=\"1920\" height=\"700\" src=\"http:\/\/moravacem.hola.rs\/wp-content\/uploads\/2024\/04\/Heder1-1.jpg\" alt=\"\" class=\"wp-image-6029\" srcset=\"http:\/\/moravacem.hola.rs\/wp-content\/uploads\/2024\/04\/Heder1-1.jpg 1920w, http:\/\/moravacem.hola.rs\/wp-content\/uploads\/2024\/04\/Heder1-1-300x109.jpg 300w, http:\/\/moravacem.hola.rs\/wp-content\/uploads\/2024\/04\/Heder1-1-1024x373.jpg 1024w, http:\/\/moravacem.hola.rs\/wp-content\/uploads\/2024\/04\/Heder1-1-768x280.jpg 768w, http:\/\/moravacem.hola.rs\/wp-content\/uploads\/2024\/04\/Heder1-1-1536x560.jpg 1536w, http:\/\/moravacem.hola.rs\/wp-content\/uploads\/2024\/04\/Heder1-1-1568x572.jpg 1568w\" sizes=\"auto, (max-width: 1920px) 100vw, 1920px\" \/><\/figure>\n<\/div><\/div>\n<\/div><\/section>\n\n\n\n<section class=\"wp-block-qi-blocks-columns qodef-gutenberg-section qodef--template qodef-block-08cf5669 qodef-col-num--3 qodef-col-layout--16-66-16 qodef-content--boxed\"><div class=\"qodef-section-background-overlay\"><\/div><div class=\"qodef-gutenberg-row\">\n<div class=\"wp-block-qi-blocks-column qodef-gutenberg-column qodef-block-b8ecc7b2\"><div class=\"qodef-gutenberg-column-inner\"><\/div><\/div>\n\n\n\n<div class=\"wp-block-qi-blocks-column qodef-gutenberg-column qodef-block-0c46e306\"><div class=\"qodef-gutenberg-column-inner\">\n<p class=\"has-text-align-center has-text-color has-extra-large-font-size wp-block-paragraph\" style=\"color:#009bde;font-style:normal;font-weight:900;text-transform:uppercase\"><strong>MANASTIRI <\/strong><strong><br><\/strong><\/p>\n<\/div><\/div>\n\n\n\n<div class=\"wp-block-qi-blocks-column qodef-gutenberg-column qodef-block-796bf2af\"><div class=\"qodef-gutenberg-column-inner\"><\/div><\/div>\n<\/div><\/section>\n\n\n\n<section class=\"wp-block-qi-blocks-columns qodef-gutenberg-section qodef--template qodef-block-e5417eb8 qodef-col-num--1 qodef-col-layout--100 qodef-content--full-width\"><div class=\"qodef-section-background-overlay\"><\/div><div class=\"qodef-gutenberg-row\">\n<div class=\"wp-block-qi-blocks-column qodef-gutenberg-column qodef-block-1896538a\"><div class=\"qodef-gutenberg-column-inner\"><\/div><\/div>\n<\/div><\/section>\n\n\n\n<section class=\"wp-block-qi-blocks-columns qodef-gutenberg-section qodef--template qodef-block-8e830c78 qodef-col-num--3 qodef-col-layout--16-66-16 qodef-content--boxed qodef-entrance-animation--on qodef-animation-speed--normal\" data-animation=\"fadeInLeft\"><div class=\"qodef-section-background-overlay\"><\/div><div class=\"qodef-gutenberg-row\">\n<div class=\"wp-block-qi-blocks-column qodef-gutenberg-column qodef-block-5bcb9492\"><div class=\"qodef-gutenberg-column-inner\"><\/div><\/div>\n\n\n\n<div class=\"wp-block-qi-blocks-column qodef-gutenberg-column qodef-block-65f5e097\"><div class=\"qodef-gutenberg-column-inner\">\n<p class=\"has-text-align-center has-text-color has-link-color wp-elements-b962586b146d21af334ea54bfca7b35b wp-block-paragraph\" style=\"color:#009bde;text-transform:uppercase\"><strong>Crkva Ro\u0111enja Presvete Bogorodice u Popovcu<\/strong><\/p>\n\n\n\n<div class=\"wp-block-qi-blocks-spacer qodef-block-container qodef-block-0a3e2fc1\"><div class=\"qi-block-spacer qodef-block qodef-m\"><\/div><\/div>\n\n\n\n<p class=\"has-black-color has-text-color has-link-color wp-elements-46ee9e0d061c32c9b57e0001e824b59b wp-block-paragraph\">Crkva Ro\u0111enja Presvete Bogorodice u Popovcu, naseljenom mestu na teritoriji op\u0161tine Para\u0107in, pripada Eparhiji brani\u010devskoj Srpske pravoslavne crkve. Popovac je mesto u kome uspe\u0161no posluje kompanija Moravacem.<\/p>\n<\/div><\/div>\n\n\n\n<div class=\"wp-block-qi-blocks-column qodef-gutenberg-column qodef-block-de6c1cf6\"><div class=\"qodef-gutenberg-column-inner\"><\/div><\/div>\n<\/div><\/section>\n\n\n\n<section class=\"wp-block-qi-blocks-columns qodef-gutenberg-section qodef--template qodef-block-10606fce qodef-col-num--1 qodef-col-layout--100 qodef-content--full-width\"><div class=\"qodef-section-background-overlay\"><\/div><div class=\"qodef-gutenberg-row\">\n<div class=\"wp-block-qi-blocks-column qodef-gutenberg-column qodef-block-33ed2c42\"><div class=\"qodef-gutenberg-column-inner\">\n<figure class=\"wp-block-image size-full\"><img loading=\"lazy\" decoding=\"async\" width=\"800\" height=\"600\" src=\"http:\/\/moravacem.hola.rs\/wp-content\/uploads\/2024\/04\/Custom-dimensions-800x600-px.jpeg\" alt=\"\" class=\"wp-image-5982\" srcset=\"http:\/\/moravacem.hola.rs\/wp-content\/uploads\/2024\/04\/Custom-dimensions-800x600-px.jpeg 800w, http:\/\/moravacem.hola.rs\/wp-content\/uploads\/2024\/04\/Custom-dimensions-800x600-px-300x225.jpeg 300w, http:\/\/moravacem.hola.rs\/wp-content\/uploads\/2024\/04\/Custom-dimensions-800x600-px-768x576.jpeg 768w\" sizes=\"auto, (max-width: 800px) 100vw, 800px\" \/><\/figure>\n<\/div><\/div>\n<\/div><\/section>\n\n\n\n<section class=\"wp-block-qi-blocks-columns qodef-gutenberg-section qodef--template qodef-block-7b7cf67e qodef-col-num--2 qodef-col-layout--50 qodef-content--full-width qodef-entrance-animation--on qodef-animation-speed--normal\" data-animation=\"fadeInLeft\"><div class=\"qodef-section-background-overlay\"><\/div><div class=\"qodef-gutenberg-row\">\n<div class=\"wp-block-qi-blocks-column qodef-gutenberg-column qodef-block-7dda7422\"><div class=\"qodef-gutenberg-column-inner\">\n<figure class=\"wp-block-image size-full is-resized\"><img loading=\"lazy\" decoding=\"async\" width=\"800\" height=\"600\" src=\"http:\/\/moravacem.hola.rs\/wp-content\/uploads\/2024\/04\/glavosek4.jpeg\" alt=\"\" class=\"wp-image-5966\" style=\"width:729px;height:auto\" srcset=\"http:\/\/moravacem.hola.rs\/wp-content\/uploads\/2024\/04\/glavosek4.jpeg 800w, http:\/\/moravacem.hola.rs\/wp-content\/uploads\/2024\/04\/glavosek4-300x225.jpeg 300w, http:\/\/moravacem.hola.rs\/wp-content\/uploads\/2024\/04\/glavosek4-768x576.jpeg 768w\" sizes=\"auto, (max-width: 800px) 100vw, 800px\" \/><\/figure>\n<\/div><\/div>\n\n\n\n<div class=\"wp-block-qi-blocks-column qodef-gutenberg-column qodef-block-6de6a015\"><div class=\"qodef-gutenberg-column-inner\">\n<p class=\"has-black-color has-text-color has-link-color wp-elements-9d7749375c35af86233e85b382298b70 wp-block-paragraph\" style=\"text-transform:uppercase\"><strong>Manastir Svetog Jovana Glavoseka <br><\/strong><\/p>\n\n\n\n<div class=\"wp-block-qi-blocks-spacer qodef-block-container qodef-block-56a52b1e\"><div class=\"qi-block-spacer qodef-block qodef-m\"><\/div><\/div>\n\n\n\n<p class=\"has-black-color has-text-color has-link-color wp-elements-cdaa205de5b61a6ffa2a3950d34177de wp-block-paragraph\" style=\"text-transform:none\">Manastir se nalazio kod Zabrege, desetak kilometara severoisto\u010dno od Para\u0107ina. Podignut je pored reke Crnice, ispod same tvr\u0111ave Petrus i ima obele\u017eja Moravskog stila. Sam manastirski kompleks je sa dve strane (severne i isto\u010dne) bio za\u0161ti\u0107en o\u0161trim stenama.<\/p>\n\n\n\n<p class=\"has-black-color has-text-color has-link-color wp-elements-4a06897498d1781ef808891bdbaef1e4 wp-block-paragraph\">Ostaci manastira Svetog Jovana Glavoseka se danas nalaze pod za\u0161titom Republike Srbije, kao spomenik kulture od velikog zna\u010daja, u sklopu za\u0161ti\u0107ene spomeni\u010dke celine Petru\u0161ka oblast.<\/p>\n<\/div><\/div>\n<\/div><\/section>\n\n\n\n<section class=\"wp-block-qi-blocks-columns qodef-gutenberg-section qodef--template qodef-block-b75e1790 qodef-col-num--2 qodef-col-layout--50 qodef-content--boxed qodef-entrance-animation--on qodef-animation-speed--normal\" data-animation=\"fadeInRight\"><div class=\"qodef-section-background-overlay\"><\/div><div class=\"qodef-gutenberg-row\">\n<div class=\"wp-block-qi-blocks-column qodef-gutenberg-column qodef-block-72e7dc16\"><div class=\"qodef-gutenberg-column-inner\">\n<p class=\"has-black-color has-text-color has-link-color wp-elements-d1ee62cba0ccb6ad220b8c29bf47cb1e wp-block-paragraph\" style=\"text-transform:uppercase\"><strong>Srpski pravoslavni manastir Svete Ognjene Marije<\/strong><\/p>\n\n\n\n<div class=\"wp-block-qi-blocks-spacer qodef-block-container qodef-block-5cea8ae2\"><div class=\"qi-block-spacer qodef-block qodef-m\"><\/div><\/div>\n\n\n\n<p class=\"has-black-color has-text-color has-link-color wp-elements-18aa6656556ca1049c0a7079bb6eee7e wp-block-paragraph\">Manastir Svete Ognjene Marije Petru\u0161ke &#8211; selo Zabrega &#8211; Para\u0107in. Ostaci starog grada Petrusa se nalaze na vrhu brda, sa jedne strane u podno\u017eju je manastir Svetog Jovana a sa druge strane brda  tako\u0111e u podno\u017eju pored reke je manastir Svete Ognjene Marije Petru\u0161ke.<\/p>\n<\/div><\/div>\n\n\n\n<div class=\"wp-block-qi-blocks-column qodef-gutenberg-column qodef-block-f019cb5b\"><div class=\"qodef-gutenberg-column-inner\">\n<figure class=\"wp-block-image size-full is-resized\"><img loading=\"lazy\" decoding=\"async\" width=\"800\" height=\"600\" src=\"http:\/\/moravacem.hola.rs\/wp-content\/uploads\/2024\/04\/ognjene-marije1.jpeg\" alt=\"\" class=\"wp-image-5936\" style=\"width:784px;height:auto\" srcset=\"http:\/\/moravacem.hola.rs\/wp-content\/uploads\/2024\/04\/ognjene-marije1.jpeg 800w, http:\/\/moravacem.hola.rs\/wp-content\/uploads\/2024\/04\/ognjene-marije1-300x225.jpeg 300w, http:\/\/moravacem.hola.rs\/wp-content\/uploads\/2024\/04\/ognjene-marije1-768x576.jpeg 768w\" sizes=\"auto, (max-width: 800px) 100vw, 800px\" \/><\/figure>\n<\/div><\/div>\n<\/div><\/section>\n\n\n\n<section class=\"wp-block-qi-blocks-columns qodef-gutenberg-section qodef--template qodef-block-b6f5fa00 qodef-col-num--1 qodef-col-layout--100 qodef-content--boxed\"><div class=\"qodef-section-background-overlay\"><\/div><div class=\"qodef-gutenberg-row\">\n<div class=\"wp-block-qi-blocks-column qodef-gutenberg-column qodef-block-20205377\"><div class=\"qodef-gutenberg-column-inner\">\n<figure class=\"wp-block-image size-full\"><img loading=\"lazy\" decoding=\"async\" width=\"1920\" height=\"700\" src=\"http:\/\/moravacem.hola.rs\/wp-content\/uploads\/2024\/04\/page-5-1.jpeg\" alt=\"\" class=\"wp-image-6057\" srcset=\"http:\/\/moravacem.hola.rs\/wp-content\/uploads\/2024\/04\/page-5-1.jpeg 1920w, http:\/\/moravacem.hola.rs\/wp-content\/uploads\/2024\/04\/page-5-1-300x109.jpeg 300w, http:\/\/moravacem.hola.rs\/wp-content\/uploads\/2024\/04\/page-5-1-1024x373.jpeg 1024w, http:\/\/moravacem.hola.rs\/wp-content\/uploads\/2024\/04\/page-5-1-768x280.jpeg 768w, http:\/\/moravacem.hola.rs\/wp-content\/uploads\/2024\/04\/page-5-1-1536x560.jpeg 1536w, http:\/\/moravacem.hola.rs\/wp-content\/uploads\/2024\/04\/page-5-1-1568x572.jpeg 1568w\" sizes=\"auto, (max-width: 1920px) 100vw, 1920px\" \/><\/figure>\n\n\n\n<figure class=\"wp-block-image size-full\"><img loading=\"lazy\" decoding=\"async\" width=\"1920\" height=\"700\" src=\"http:\/\/moravacem.hola.rs\/wp-content\/uploads\/2024\/04\/o-crkvama.jpeg\" alt=\"\" class=\"wp-image-6060\" srcset=\"http:\/\/moravacem.hola.rs\/wp-content\/uploads\/2024\/04\/o-crkvama.jpeg 1920w, http:\/\/moravacem.hola.rs\/wp-content\/uploads\/2024\/04\/o-crkvama-300x109.jpeg 300w, http:\/\/moravacem.hola.rs\/wp-content\/uploads\/2024\/04\/o-crkvama-1024x373.jpeg 1024w, http:\/\/moravacem.hola.rs\/wp-content\/uploads\/2024\/04\/o-crkvama-768x280.jpeg 768w, http:\/\/moravacem.hola.rs\/wp-content\/uploads\/2024\/04\/o-crkvama-1536x560.jpeg 1536w, http:\/\/moravacem.hola.rs\/wp-content\/uploads\/2024\/04\/o-crkvama-1568x572.jpeg 1568w\" sizes=\"auto, (max-width: 1920px) 100vw, 1920px\" \/><\/figure>\n<\/div><\/div>\n<\/div><\/section>\n\n\n\n<section class=\"wp-block-qi-blocks-columns qodef-gutenberg-section qodef--template qodef-block-8bf03078 qodef-col-num--3 qodef-col-layout--16-66-16 qodef-content--boxed\"><div class=\"qodef-section-background-overlay\"><\/div><div class=\"qodef-gutenberg-row\">\n<div class=\"wp-block-qi-blocks-column qodef-gutenberg-column qodef-block-c137f8ee\"><div class=\"qodef-gutenberg-column-inner\"><\/div><\/div>\n\n\n\n<div class=\"wp-block-qi-blocks-column qodef-gutenberg-column qodef-block-ddcf195e\"><div class=\"qodef-gutenberg-column-inner\">\n<p class=\"has-text-align-center has-text-color has-huge-font-size wp-block-paragraph\" style=\"color:#009bde;font-style:normal;font-weight:900;text-transform:uppercase\"><strong>tvr\u0111ava petrus<br><\/strong><\/p>\n<\/div><\/div>\n\n\n\n<div class=\"wp-block-qi-blocks-column qodef-gutenberg-column qodef-block-aedf9ee3\"><div class=\"qodef-gutenberg-column-inner\"><\/div><\/div>\n<\/div><\/section>\n\n\n\n<section class=\"wp-block-qi-blocks-columns qodef-gutenberg-section qodef--template qodef-block-a5e7aad2 qodef-col-num--3 qodef-col-layout--16-66-16 qodef-content--boxed\"><div class=\"qodef-section-background-overlay\"><\/div><div class=\"qodef-gutenberg-row\">\n<div class=\"wp-block-qi-blocks-column qodef-gutenberg-column qodef-block-e0acb7b0\"><div class=\"qodef-gutenberg-column-inner\"><\/div><\/div>\n\n\n\n<div class=\"wp-block-qi-blocks-column qodef-gutenberg-column qodef-block-7b98710b\"><div class=\"qodef-gutenberg-column-inner\"><\/div><\/div>\n\n\n\n<div class=\"wp-block-qi-blocks-column qodef-gutenberg-column qodef-block-b61bb0a8\"><div class=\"qodef-gutenberg-column-inner\"><\/div><\/div>\n<\/div><\/section>\n\n\n\n<section class=\"wp-block-qi-blocks-columns qodef-gutenberg-section qodef--template qodef-block-e19db4ac qodef-col-num--2 qodef-col-layout--50 qodef-content--boxed qodef-entrance-animation--on qodef-animation-speed--normal\" data-animation=\"fadeInLeft\"><div class=\"qodef-section-background-overlay\"><\/div><div class=\"qodef-gutenberg-row\">\n<div class=\"wp-block-qi-blocks-column qodef-gutenberg-column qodef-block-1cf0fbdd\"><div class=\"qodef-gutenberg-column-inner\">\n<figure class=\"wp-block-image size-full is-resized is-style-twentytwentyone-image-frame\"><img loading=\"lazy\" decoding=\"async\" width=\"800\" height=\"600\" src=\"http:\/\/moravacem.hola.rs\/wp-content\/uploads\/2024\/04\/page-3.jpeg\" alt=\"\" class=\"wp-image-5942\" style=\"width:555px;height:auto\" srcset=\"http:\/\/moravacem.hola.rs\/wp-content\/uploads\/2024\/04\/page-3.jpeg 800w, http:\/\/moravacem.hola.rs\/wp-content\/uploads\/2024\/04\/page-3-300x225.jpeg 300w, http:\/\/moravacem.hola.rs\/wp-content\/uploads\/2024\/04\/page-3-768x576.jpeg 768w\" sizes=\"auto, (max-width: 800px) 100vw, 800px\" \/><\/figure>\n<\/div><\/div>\n\n\n\n<div class=\"wp-block-qi-blocks-column qodef-gutenberg-column qodef-block-9d546090\"><div class=\"qodef-gutenberg-column-inner\">\n<p class=\"has-black-color has-text-color wp-block-paragraph\">Petrus je tvr\u0111ava u Srbiji, koja se nalazi 11 kilometara severoisto\u010dno od dana\u0161njeg Para\u0107ina, kod sela Zabrega. Sme\u0161tena je na uzvi\u0161enju koje sa tri strane okru\u017euje reka Crnica, dok je sa \u010detvrte (zapadne) strane za\u0161ti\u0107ena ve\u0161ta\u010dkim \u0161ancem. Petrus je bio sredi\u0161te pograni\u010dne (kraji\u0161ke) oblasti srpske dr\u017eave u XIV veku i kontrolisao je vezu Pomoravlja sa dolinom Timoka. Njegovi gospodari su bili, savremenici cara Du\u0161ana i kneza Lazara, \u017eupan Vukoslav i njegov sin Crep.<\/p>\n<\/div><\/div>\n<\/div><\/section>\n\n\n\n<section class=\"wp-block-qi-blocks-columns qodef-gutenberg-section qodef--template qodef-block-4d6c0523 qodef-col-num--2 qodef-col-layout--50 qodef-content--boxed qodef-entrance-animation--on qodef-animation-speed--normal\" data-animation=\"fadeInRight\"><div class=\"qodef-section-background-overlay\"><\/div><div class=\"qodef-gutenberg-row\">\n<div class=\"wp-block-qi-blocks-column qodef-gutenberg-column qodef-block-73163afc\"><div class=\"qodef-gutenberg-column-inner\">\n<p class=\"has-black-color has-text-color wp-block-paragraph\">Petrus je danas ve\u0107im delom u ru\u0161evinama, a u njegovoj blizini se nalaze ostaci dva manastirska kompleksa, posve\u0107enih svetom Jovanu Glavoseku i svetoj Mariji Blagoj. Me\u0111u ru\u0161evinama Petrusa, nalazi se i velika stena (duga\u010dka oko 8 metara i visoka oko 6 metara), koja je u narodu poznata kao Krstata stena, a u blizini tvr\u0111ave se nalazi i pe\u0107ina, sa velikim ulaznim otvorom.<\/p>\n<\/div><\/div>\n\n\n\n<div class=\"wp-block-qi-blocks-column qodef-gutenberg-column qodef-block-3863693c\"><div class=\"qodef-gutenberg-column-inner\">\n<figure class=\"wp-block-image size-full is-resized is-style-twentytwentyone-image-frame\"><img loading=\"lazy\" decoding=\"async\" width=\"800\" height=\"600\" src=\"http:\/\/moravacem.hola.rs\/wp-content\/uploads\/2024\/04\/page-4.jpeg\" alt=\"\" class=\"wp-image-5943\" style=\"width:555px;height:auto\" srcset=\"http:\/\/moravacem.hola.rs\/wp-content\/uploads\/2024\/04\/page-4.jpeg 800w, http:\/\/moravacem.hola.rs\/wp-content\/uploads\/2024\/04\/page-4-300x225.jpeg 300w, http:\/\/moravacem.hola.rs\/wp-content\/uploads\/2024\/04\/page-4-768x576.jpeg 768w\" sizes=\"auto, (max-width: 800px) 100vw, 800px\" \/><\/figure>\n<\/div><\/div>\n<\/div><\/section>\n\n\n\n<section class=\"wp-block-qi-blocks-columns qodef-gutenberg-section qodef--template qodef-block-571672c4 qodef-col-num--2 qodef-col-layout--50 qodef-content--boxed qodef-entrance-animation--on qodef-animation-speed--normal\" data-animation=\"fadeInLeft\"><div class=\"qodef-section-background-overlay\"><\/div><div class=\"qodef-gutenberg-row\">\n<div class=\"wp-block-qi-blocks-column qodef-gutenberg-column qodef-block-6eadeba1\"><div class=\"qodef-gutenberg-column-inner\">\n<figure class=\"wp-block-image size-full is-resized is-style-twentytwentyone-image-frame\"><img loading=\"lazy\" decoding=\"async\" width=\"800\" height=\"600\" src=\"http:\/\/moravacem.hola.rs\/wp-content\/uploads\/2024\/04\/page-5.jpeg\" alt=\"\" class=\"wp-image-5944\" style=\"width:616px;height:auto\" srcset=\"http:\/\/moravacem.hola.rs\/wp-content\/uploads\/2024\/04\/page-5.jpeg 800w, http:\/\/moravacem.hola.rs\/wp-content\/uploads\/2024\/04\/page-5-300x225.jpeg 300w, http:\/\/moravacem.hola.rs\/wp-content\/uploads\/2024\/04\/page-5-768x576.jpeg 768w\" sizes=\"auto, (max-width: 800px) 100vw, 800px\" \/><\/figure>\n<\/div><\/div>\n\n\n\n<div class=\"wp-block-qi-blocks-column qodef-gutenberg-column qodef-block-a008bb00\"><div class=\"qodef-gutenberg-column-inner\">\n<p class=\"has-black-color has-text-color wp-block-paragraph\">Na mestu Petrusa je mo\u017eda postojalo utvr\u0111enje jo\u0161 u doba Rimljana, po\u0161to su u njemu prona\u0111eni rimski bakarni nov\u010di\u0107i, koji su danas deo zbirke Zavi\u010dajnog muzeja u Para\u0107inu. Ono \u0161to je izvesno je da je u VI veku tu postojalo vizantijsko utvr\u0111enje, podignuto mo\u017eda u sklopu Justinijanovih (527\u2014565) radova na utvr\u0111ivanju vizantijske vlasti (poput gradova Justinijana Prima, Justinijana Sekunda i drugih), po\u0161to su njegovi ostaci otkriveni u temeljima kasnijeg srpskog utvr\u0111enja.<\/p>\n<\/div><\/div>\n<\/div><\/section>\n\n\n\n<section class=\"wp-block-qi-blocks-columns qodef-gutenberg-section qodef--template qodef-block-0c29e035 qodef-col-num--2 qodef-col-layout--50 qodef-content--boxed qodef-entrance-animation--on qodef-animation-speed--normal\" data-animation=\"fadeInRight\"><div class=\"qodef-section-background-overlay\"><\/div><div class=\"qodef-gutenberg-row\">\n<div class=\"wp-block-qi-blocks-column qodef-gutenberg-column qodef-block-dbeae7c8\"><div class=\"qodef-gutenberg-column-inner\">\n<p class=\"wp-block-paragraph\"><\/p>\n\n\n\n<p class=\"has-text-align-left has-black-color has-text-color wp-block-paragraph\">U X veku se u okolini mesta tvr\u0111ave Petrus naseljavaju monasi isposnici, a od doba Stefana Nemanje ((1166) 1168\u20141196) na prostoru Petrusa je napravljena nova tvr\u0111ava, dok cela ta oblast predstavlja pograni\u010dnu \u017eupu srpske dr\u017eave Nemanji\u0107a i jedinu oblast na desnoj obali Velike Morave koja se stalno nalazila pod njihovom vla\u0161\u0107u.<\/p>\n<\/div><\/div>\n\n\n\n<div class=\"wp-block-qi-blocks-column qodef-gutenberg-column qodef-block-b3fb1e15\"><div class=\"qodef-gutenberg-column-inner\">\n<figure class=\"wp-block-image size-full is-resized is-style-twentytwentyone-image-frame\"><img loading=\"lazy\" decoding=\"async\" width=\"800\" height=\"600\" src=\"http:\/\/moravacem.hola.rs\/wp-content\/uploads\/2024\/04\/page-6.jpeg\" alt=\"\" class=\"wp-image-5946\" style=\"width:593px;height:auto\" srcset=\"http:\/\/moravacem.hola.rs\/wp-content\/uploads\/2024\/04\/page-6.jpeg 800w, http:\/\/moravacem.hola.rs\/wp-content\/uploads\/2024\/04\/page-6-300x225.jpeg 300w, http:\/\/moravacem.hola.rs\/wp-content\/uploads\/2024\/04\/page-6-768x576.jpeg 768w\" sizes=\"auto, (max-width: 800px) 100vw, 800px\" \/><\/figure>\n<\/div><\/div>\n<\/div><\/section>\n\n\n\n<section class=\"wp-block-qi-blocks-columns qodef-gutenberg-section qodef--template qodef-block-bc6a7f26 qodef-col-num--2 qodef-col-layout--50 qodef-content--boxed qodef-entrance-animation--on qodef-animation-speed--normal\" data-animation=\"fadeInLeft\"><div class=\"qodef-section-background-overlay\"><\/div><div class=\"qodef-gutenberg-row\">\n<div class=\"wp-block-qi-blocks-column qodef-gutenberg-column qodef-block-677bddee\"><div class=\"qodef-gutenberg-column-inner\">\n<figure class=\"wp-block-image size-full is-resized is-style-twentytwentyone-image-frame\"><img loading=\"lazy\" decoding=\"async\" width=\"800\" height=\"600\" src=\"http:\/\/moravacem.hola.rs\/wp-content\/uploads\/2024\/04\/page-7.jpeg\" alt=\"\" class=\"wp-image-5947\" style=\"width:621px;height:auto\" srcset=\"http:\/\/moravacem.hola.rs\/wp-content\/uploads\/2024\/04\/page-7.jpeg 800w, http:\/\/moravacem.hola.rs\/wp-content\/uploads\/2024\/04\/page-7-300x225.jpeg 300w, http:\/\/moravacem.hola.rs\/wp-content\/uploads\/2024\/04\/page-7-768x576.jpeg 768w\" sizes=\"auto, (max-width: 800px) 100vw, 800px\" \/><\/figure>\n<\/div><\/div>\n\n\n\n<div class=\"wp-block-qi-blocks-column qodef-gutenberg-column qodef-block-06722da9\"><div class=\"qodef-gutenberg-column-inner\">\n<p class=\"has-black-color has-text-color wp-block-paragraph\">Car Du\u0161an (kralj 1331\u20141346, car 1346\u20141355) je sredinom XIV veka dodelio \u017eupanu Vukoslavu oblast oko Petrusa i taj predeo se od tog doba naziva Pusto\u0161 Petrus, a smatra se da je on i podigao utvr\u0111enje[2] \u010diji su ostaci danas vidljivi. Posle njegove smrti, oko 1371. godine, upravu nad tvr\u0111avom i okolinom prelazi na njegovog sina vojvodu Crepa, dok se drugi Vukoslavov sin Dr\u017eman zamona\u0161io pod imenom Dionisije.<\/p>\n<\/div><\/div>\n<\/div><\/section>\n\n\n\n<section class=\"wp-block-qi-blocks-columns qodef-gutenberg-section qodef--template qodef-block-20e2af55 qodef-col-num--2 qodef-col-layout--50 qodef-content--boxed qodef-entrance-animation--on qodef-animation-speed--normal\" data-animation=\"fadeInRight\"><div class=\"qodef-section-background-overlay\"><\/div><div class=\"qodef-gutenberg-row\">\n<div class=\"wp-block-qi-blocks-column qodef-gutenberg-column qodef-block-f14ab481\"><div class=\"qodef-gutenberg-column-inner\">\n<p class=\"has-black-color has-text-color wp-block-paragraph\">Tvr\u0111ava Petrus ima osnovu nepravilnog izdu\u017eenog \u0161estougla i prati oblik terena na kome je podignuta. Na zapadnoj strani, sa koje je najlak\u0161i prilaz gradu, nalazi se Mali Grad sa Don\u017eon kulom, za\u0161ti\u0107en ve\u0161ta\u010dkim suvim \u0161ancem, sme\u0161ten na najvi\u0161oj ta\u010dki utvr\u0111enja (oko 320 metara nmv). Od njega se bedemi o\u0161tro spu\u0161taju niz padinu brda ka jugu i severu, posle \u010dega se okre\u0107u ka istoku, prate\u0107i padinu. U blizini kanjona Crnice, oni ponovo menjaju smer i o\u0161tro se penju ka vrhu padine, da bi se spojili kod \u010detvorostrane kule, sme\u0161tene na isto\u010dnom kraju utvr\u0111enja, na vrhu o\u0161trih stena iznad reke. Du\u017eina Petrusa iznosi 290 metara, \u0161to ga sme\u0161ta me\u0111u najve\u0107a brdska utvr\u0111enja podignuta u Srbiji tokom XIV i XV veka, radi za\u0161tite od Osmanlija.<\/p>\n<\/div><\/div>\n\n\n\n<div class=\"wp-block-qi-blocks-column qodef-gutenberg-column qodef-block-cfbd4898\"><div class=\"qodef-gutenberg-column-inner\">\n<figure class=\"wp-block-image size-full is-resized is-style-twentytwentyone-image-frame\"><img loading=\"lazy\" decoding=\"async\" width=\"800\" height=\"600\" src=\"http:\/\/moravacem.hola.rs\/wp-content\/uploads\/2024\/04\/page-8.jpeg\" alt=\"\" class=\"wp-image-5948\" style=\"width:917px;height:auto\" srcset=\"http:\/\/moravacem.hola.rs\/wp-content\/uploads\/2024\/04\/page-8.jpeg 800w, http:\/\/moravacem.hola.rs\/wp-content\/uploads\/2024\/04\/page-8-300x225.jpeg 300w, http:\/\/moravacem.hola.rs\/wp-content\/uploads\/2024\/04\/page-8-768x576.jpeg 768w\" sizes=\"auto, (max-width: 800px) 100vw, 800px\" \/><\/figure>\n<\/div><\/div>\n<\/div><\/section>\n\n\n\n<section class=\"wp-block-qi-blocks-columns qodef-gutenberg-section qodef--template qodef-block-f345507c qodef-col-num--3 qodef-col-layout--16-66-16 qodef-content--boxed\"><div class=\"qodef-section-background-overlay\"><\/div><div class=\"qodef-gutenberg-row\">\n<div class=\"wp-block-qi-blocks-column qodef-gutenberg-column qodef-block-61d20ec3\"><div class=\"qodef-gutenberg-column-inner\"><\/div><\/div>\n\n\n\n<div class=\"wp-block-qi-blocks-column qodef-gutenberg-column qodef-block-07d5bbd6\"><div class=\"qodef-gutenberg-column-inner\">\n<p class=\"has-text-align-center has-text-color has-extra-large-font-size wp-block-paragraph\" style=\"color:#009bde;font-style:normal;font-weight:900;text-transform:uppercase\"><strong><strong>Legende vezane za Petrus<\/strong><br><\/strong><\/p>\n<\/div><\/div>\n\n\n\n<div class=\"wp-block-qi-blocks-column qodef-gutenberg-column qodef-block-b49c043f\"><div class=\"qodef-gutenberg-column-inner\"><\/div><\/div>\n<\/div><\/section>\n\n\n\n<section class=\"wp-block-qi-blocks-columns qodef-gutenberg-section qodef--template qodef-block-8a789ec9 qodef-col-num--3 qodef-col-layout--16-66-16 qodef-content--boxed\"><div class=\"qodef-section-background-overlay\"><\/div><div class=\"qodef-gutenberg-row\">\n<div class=\"wp-block-qi-blocks-column qodef-gutenberg-column qodef-block-1441027f\"><div class=\"qodef-gutenberg-column-inner\"><\/div><\/div>\n\n\n\n<div class=\"wp-block-qi-blocks-column qodef-gutenberg-column qodef-block-f01d29f5\"><div class=\"qodef-gutenberg-column-inner\">\n<p class=\"has-text-align-center has-black-color has-text-color has-link-color wp-elements-40db6a7a00c284efd2cff20b4511fa4f wp-block-paragraph\" style=\"font-size:18px\">U lokalnom narodu, sa\u010duvano je <br>nekoliko predanja vezana <br>za tvr\u0111avu Petrus.<\/p>\n<\/div><\/div>\n\n\n\n<div class=\"wp-block-qi-blocks-column qodef-gutenberg-column qodef-block-4479d5a9\"><div class=\"qodef-gutenberg-column-inner\"><\/div><\/div>\n<\/div><\/section>\n\n\n\n<section class=\"wp-block-qi-blocks-columns qodef-gutenberg-section qodef--template qodef-block-806fcb85 qodef-col-num--3 qodef-col-layout--16-66-16 qodef-content--boxed\"><div class=\"qodef-section-background-overlay\"><\/div><div class=\"qodef-gutenberg-row\">\n<div class=\"wp-block-qi-blocks-column qodef-gutenberg-column qodef-block-841fa0c5\"><div class=\"qodef-gutenberg-column-inner\"><\/div><\/div>\n\n\n\n<div class=\"wp-block-qi-blocks-column qodef-gutenberg-column qodef-block-ed0e30b4\"><div class=\"qodef-gutenberg-column-inner\">\n<figure class=\"wp-block-image size-full is-resized\"><img loading=\"lazy\" decoding=\"async\" width=\"800\" height=\"600\" src=\"http:\/\/moravacem.hola.rs\/wp-content\/uploads\/2024\/04\/page-9.jpeg\" alt=\"\" class=\"wp-image-5949\" style=\"width:569px;height:auto\" srcset=\"http:\/\/moravacem.hola.rs\/wp-content\/uploads\/2024\/04\/page-9.jpeg 800w, http:\/\/moravacem.hola.rs\/wp-content\/uploads\/2024\/04\/page-9-300x225.jpeg 300w, http:\/\/moravacem.hola.rs\/wp-content\/uploads\/2024\/04\/page-9-768x576.jpeg 768w\" sizes=\"auto, (max-width: 800px) 100vw, 800px\" \/><figcaption class=\"wp-element-caption\"><em><strong><mark style=\"background-color:rgba(0, 0, 0, 0);color:#bbbfc6\" class=\"has-inline-color\">Pogled na Krstatu stenu <\/mark><\/strong><\/em><br><em><strong><mark style=\"background-color:rgba(0, 0, 0, 0);color:#bbbfc6\" class=\"has-inline-color\">i pe\u0107inu ispod Petrusa.<br><\/mark><\/strong><\/em><\/figcaption><\/figure>\n<\/div><\/div>\n\n\n\n<div class=\"wp-block-qi-blocks-column qodef-gutenberg-column qodef-block-b35faaab\"><div class=\"qodef-gutenberg-column-inner\"><\/div><\/div>\n<\/div><\/section>\n\n\n\n<section class=\"wp-block-qi-blocks-columns qodef-gutenberg-section qodef--template qodef-block-d2af6f30 qodef-col-num--3 qodef-col-layout--16-66-16 qodef-content--full-width qodef-entrance-animation--on qodef-animation-speed--normal\" data-animation=\"fadeInLeft\"><div class=\"qodef-section-background-overlay\"><\/div><div class=\"qodef-gutenberg-row\">\n<div class=\"wp-block-qi-blocks-column qodef-gutenberg-column qodef-block-d0f3c0bd\"><div class=\"qodef-gutenberg-column-inner\"><\/div><\/div>\n\n\n\n<div class=\"wp-block-qi-blocks-column qodef-gutenberg-column qodef-block-a95cb65e\"><div class=\"qodef-gutenberg-column-inner\">\n<p class=\"has-text-align-center has-white-color has-text-color has-background has-extra-large-font-size wp-block-paragraph\" style=\"background-color:#009bde\"><strong>Jedno od njih navodi, da je Petrus, kao pograni\u010dno utvr\u0111enje dr\u017eave kneza Lazara, upozoravao signalima kneza u Kru\u0161evcu, o upadima osmanskih plja\u010dka\u0161kih \u010deta.<\/strong><\/p>\n<\/div><\/div>\n\n\n\n<div class=\"wp-block-qi-blocks-column qodef-gutenberg-column qodef-block-b516b52f\"><div class=\"qodef-gutenberg-column-inner\"><\/div><\/div>\n<\/div><\/section>\n\n\n\n<div class=\"wp-block-qi-blocks-spacer qodef-block-container qodef-block-480cc1a6\"><div class=\"qi-block-spacer qodef-block qodef-m\"><\/div><\/div>\n\n\n\n<section class=\"wp-block-qi-blocks-columns qodef-gutenberg-section qodef--template qodef-block-797304c7 qodef-col-num--3 qodef-col-layout--16-66-16 qodef-content--full-width qodef-entrance-animation--on qodef-animation-speed--normal\" data-animation=\"fadeInRight\"><div class=\"qodef-section-background-overlay\"><\/div><div class=\"qodef-gutenberg-row\">\n<div class=\"wp-block-qi-blocks-column qodef-gutenberg-column qodef-block-03165b95\"><div class=\"qodef-gutenberg-column-inner\"><\/div><\/div>\n\n\n\n<div class=\"wp-block-qi-blocks-column qodef-gutenberg-column qodef-block-cce2c616\"><div class=\"qodef-gutenberg-column-inner\">\n<p class=\"has-text-align-center has-white-color has-text-color has-background has-extra-large-font-size wp-block-paragraph\" style=\"background-color:#009bde\"><strong><strong>Drugo predanje navodi da je Petrusom vladao legendarni Pavle Orlovi\u0107 i da je iz njega krenuo sa svojim odredima u Kosovski boj 1389. godine. <\/strong><\/strong><\/p>\n<\/div><\/div>\n\n\n\n<div class=\"wp-block-qi-blocks-column qodef-gutenberg-column qodef-block-dca45ce2\"><div class=\"qodef-gutenberg-column-inner\"><\/div><\/div>\n<\/div><\/section>\n\n\n\n<div class=\"wp-block-qi-blocks-spacer qodef-block-container qodef-block-d19d6dcf\"><div class=\"qi-block-spacer qodef-block qodef-m\"><\/div><\/div>\n\n\n\n<section class=\"wp-block-qi-blocks-columns qodef-gutenberg-section qodef--template qodef-block-92b6c2ac qodef-col-num--3 qodef-col-layout--16-66-16 qodef-content--full-width qodef-entrance-animation--on qodef-animation-speed--normal\" data-animation=\"fadeInLeft\"><div class=\"qodef-section-background-overlay\"><\/div><div class=\"qodef-gutenberg-row\">\n<div class=\"wp-block-qi-blocks-column qodef-gutenberg-column qodef-block-22966969\"><div class=\"qodef-gutenberg-column-inner\"><\/div><\/div>\n\n\n\n<div class=\"wp-block-qi-blocks-column qodef-gutenberg-column qodef-block-12adc47b\"><div class=\"qodef-gutenberg-column-inner\">\n<p class=\"has-text-align-center has-white-color has-text-color has-background has-extra-large-font-size wp-block-paragraph\" style=\"background-color:#009bde\"><strong><strong><strong>Jo\u0161 jedna legenda vezana je za ovo doba i navodi lukavstvo zapovednika tvr\u0111ave Petrus, koji je, posle Kosovskog boja, spasao grad od Osmanlija. On je u tvr\u0111avi okupio svoje konjanike i zapovedio da se njihovim konjima okrenu potkovice, nakon \u010dega je sa svim stanovnicima iza\u0161ao iz grada.Kada su Osmanlije pristigle do Petrusa, uo\u010dile su veliki broj tragova koji su vodili ka tvr\u0111avi, tako da su zaklju\u010dile da je tvr\u0111avi do\u0161lo u pomo\u0107 veliko poja\u010danje, zbog \u010dega su odustali od napada i povukli se.<\/strong> <\/strong><\/strong><\/p>\n<\/div><\/div>\n\n\n\n<div class=\"wp-block-qi-blocks-column qodef-gutenberg-column qodef-block-1672c61a\"><div class=\"qodef-gutenberg-column-inner\"><\/div><\/div>\n<\/div><\/section>\n\n\n\n<div class=\"wp-block-qi-blocks-spacer qodef-block-container qodef-block-b36a754d\"><div class=\"qi-block-spacer qodef-block qodef-m\"><\/div><\/div>\n\n\n\n<section class=\"wp-block-qi-blocks-columns qodef-gutenberg-section qodef--template qodef-block-1f0720df qodef-col-num--3 qodef-col-layout--16-66-16 qodef-content--boxed\"><div class=\"qodef-section-background-overlay\"><\/div><div class=\"qodef-gutenberg-row\">\n<div class=\"wp-block-qi-blocks-column qodef-gutenberg-column qodef-block-84222ebc\"><div class=\"qodef-gutenberg-column-inner\"><\/div><\/div>\n\n\n\n<div class=\"wp-block-qi-blocks-column qodef-gutenberg-column qodef-block-93268598\"><div class=\"qodef-gutenberg-column-inner\">\n<p class=\"has-text-align-center has-text-color has-huge-font-size wp-block-paragraph\" style=\"color:#009bde;font-style:normal;font-weight:900;text-transform:uppercase\"><strong>IZLETI\u0160TA U OKOLINI PARA\u0106INA<\/strong><\/p>\n<\/div><\/div>\n\n\n\n<div class=\"wp-block-qi-blocks-column qodef-gutenberg-column qodef-block-dcb8bf03\"><div class=\"qodef-gutenberg-column-inner\"><\/div><\/div>\n<\/div><\/section>\n\n\n\n<section class=\"wp-block-qi-blocks-columns qodef-gutenberg-section qodef--template qodef-block-316811f6 qodef-col-num--2 qodef-col-layout--50 qodef-content--boxed\"><div class=\"qodef-section-background-overlay\"><\/div><div class=\"qodef-gutenberg-row\">\n<div class=\"wp-block-qi-blocks-column qodef-gutenberg-column qodef-block-09df47b0\"><div class=\"qodef-gutenberg-column-inner\">\n<figure class=\"wp-block-image size-full\"><a href=\"http:\/\/moravacem.hola.rs\/?page_id=6079\"><img loading=\"lazy\" decoding=\"async\" width=\"400\" height=\"600\" src=\"http:\/\/moravacem.hola.rs\/wp-content\/uploads\/2024\/04\/page-35.jpeg\" alt=\"\" class=\"wp-image-6073\" srcset=\"http:\/\/moravacem.hola.rs\/wp-content\/uploads\/2024\/04\/page-35.jpeg 400w, http:\/\/moravacem.hola.rs\/wp-content\/uploads\/2024\/04\/page-35-200x300.jpeg 200w\" sizes=\"auto, (max-width: 400px) 100vw, 400px\" \/><\/a><\/figure>\n<\/div><\/div>\n\n\n\n<div class=\"wp-block-qi-blocks-column qodef-gutenberg-column qodef-block-00329eb1\"><div class=\"qodef-gutenberg-column-inner\">\n<figure class=\"wp-block-image size-full\"><a href=\"http:\/\/moravacem.hola.rs\/?page_id=6101\"><img loading=\"lazy\" decoding=\"async\" width=\"400\" height=\"600\" src=\"http:\/\/moravacem.hola.rs\/wp-content\/uploads\/2024\/04\/page-36.jpeg\" alt=\"\" class=\"wp-image-6074\" srcset=\"http:\/\/moravacem.hola.rs\/wp-content\/uploads\/2024\/04\/page-36.jpeg 400w, http:\/\/moravacem.hola.rs\/wp-content\/uploads\/2024\/04\/page-36-200x300.jpeg 200w\" sizes=\"auto, (max-width: 400px) 100vw, 400px\" \/><\/a><\/figure>\n<\/div><\/div>\n<\/div><\/section>\n","protected":false},"excerpt":{"rendered":"","protected":false},"author":1,"featured_media":0,"parent":0,"menu_order":0,"comment_status":"closed","ping_status":"closed","template":"","meta":{"footnotes":""},"class_list":["post-4350","page","type-page","status-publish","hentry","entry"],"_links":{"self":[{"href":"http:\/\/moravacem.hola.rs\/index.php?rest_route=\/wp\/v2\/pages\/4350","targetHints":{"allow":["GET"]}}],"collection":[{"href":"http:\/\/moravacem.hola.rs\/index.php?rest_route=\/wp\/v2\/pages"}],"about":[{"href":"http:\/\/moravacem.hola.rs\/index.php?rest_route=\/wp\/v2\/types\/page"}],"author":[{"embeddable":true,"href":"http:\/\/moravacem.hola.rs\/index.php?rest_route=\/wp\/v2\/users\/1"}],"replies":[{"embeddable":true,"href":"http:\/\/moravacem.hola.rs\/index.php?rest_route=%2Fwp%2Fv2%2Fcomments&post=4350"}],"version-history":[{"count":133,"href":"http:\/\/moravacem.hola.rs\/index.php?rest_route=\/wp\/v2\/pages\/4350\/revisions"}],"predecessor-version":[{"id":6768,"href":"http:\/\/moravacem.hola.rs\/index.php?rest_route=\/wp\/v2\/pages\/4350\/revisions\/6768"}],"wp:attachment":[{"href":"http:\/\/moravacem.hola.rs\/index.php?rest_route=%2Fwp%2Fv2%2Fmedia&parent=4350"}],"curies":[{"name":"wp","href":"https:\/\/api.w.org\/{rel}","templated":true}]}}