{"id":1628,"date":"2021-06-05T12:47:39","date_gmt":"2021-06-05T10:47:39","guid":{"rendered":"http:\/\/moravacem.hola.rs\/?page_id=1628"},"modified":"2024-04-15T12:05:50","modified_gmt":"2024-04-15T10:05:50","slug":"planina-bukulja","status":"publish","type":"page","link":"http:\/\/moravacem.hola.rs\/?page_id=1628","title":{"rendered":"ISTORIJA"},"content":{"rendered":"\n<div class=\"wp-block-columns header-columns is-layout-flex wp-container-core-columns-is-layout-8f761849 wp-block-columns-is-layout-flex\">\n<div class=\"wp-block-column is-layout-flow wp-block-column-is-layout-flow\" style=\"flex-basis:10%\">\n<figure class=\"wp-block-image size-full back-image\"><img loading=\"lazy\" decoding=\"async\" width=\"57\" height=\"57\" src=\"http:\/\/tovaljevo.hola.rs\/wp-content\/uploads\/2023\/05\/Back.png\" alt=\"\" class=\"wp-image-3616\"\/><\/figure>\n<\/div>\n\n\n\n<div class=\"wp-block-column is-layout-flow wp-block-column-is-layout-flow\" style=\"flex-basis:30%\"><\/div>\n\n\n\n<div class=\"wp-block-column last-header-column is-layout-flow wp-block-column-is-layout-flow\" style=\"flex-basis:60%\">\n\n<\/div>\n<\/div>\n\n\n\n<section class=\"wp-block-qi-blocks-columns qodef-gutenberg-section qodef--template qodef-block-6c527caf qodef-col-num--1 qodef-col-layout--100 qodef-content--full-width\"><div class=\"qodef-section-background-overlay\"><\/div><div class=\"qodef-gutenberg-row\">\n<div class=\"wp-block-qi-blocks-column qodef-gutenberg-column qodef-block-bb13da66\"><div class=\"qodef-gutenberg-column-inner\">\n<section class=\"wp-block-qi-blocks-columns qodef-gutenberg-section qodef--template qodef-block-392e6051 qodef-col-num--1 qodef-col-layout--100 qodef-content--full-width\"><div class=\"qodef-section-background-overlay\"><\/div><div class=\"qodef-gutenberg-row\">\n<div class=\"wp-block-qi-blocks-column qodef-gutenberg-column qodef-block-2038d585\"><div class=\"qodef-gutenberg-column-inner\">\n<figure class=\"wp-block-image size-full is-style-default\"><img loading=\"lazy\" decoding=\"async\" width=\"1920\" height=\"700\" src=\"http:\/\/moravacem.hola.rs\/wp-content\/uploads\/2024\/04\/istorija-popovca.jpg\" alt=\"\" class=\"wp-image-6032\" srcset=\"http:\/\/moravacem.hola.rs\/wp-content\/uploads\/2024\/04\/istorija-popovca.jpg 1920w, http:\/\/moravacem.hola.rs\/wp-content\/uploads\/2024\/04\/istorija-popovca-300x109.jpg 300w, http:\/\/moravacem.hola.rs\/wp-content\/uploads\/2024\/04\/istorija-popovca-1024x373.jpg 1024w, http:\/\/moravacem.hola.rs\/wp-content\/uploads\/2024\/04\/istorija-popovca-768x280.jpg 768w, http:\/\/moravacem.hola.rs\/wp-content\/uploads\/2024\/04\/istorija-popovca-1536x560.jpg 1536w, http:\/\/moravacem.hola.rs\/wp-content\/uploads\/2024\/04\/istorija-popovca-1568x572.jpg 1568w\" sizes=\"auto, (max-width: 1920px) 100vw, 1920px\" \/><\/figure>\n<\/div><\/div>\n<\/div><\/section>\n<\/div><\/div>\n<\/div><\/section>\n\n\n\n<div class=\"wp-block-qi-blocks-spacer qodef-block-container qodef-block-0de2e603\"><div class=\"qi-block-spacer qodef-block qodef-m\"><\/div><\/div>\n\n\n\n<p class=\"has-text-align-center has-text-color has-link-color wp-elements-ff2c85c39ab24a718dfcccaab34be9cc wp-block-paragraph\" style=\"color:#1eb8e6;font-size:42px;text-transform:uppercase\"><strong>istorija popovca<\/strong><\/p>\n\n\n\n<section class=\"wp-block-qi-blocks-columns qodef-gutenberg-section qodef--template qodef-block-0888bdf5 qodef-col-num--3 qodef-col-layout--16-66-16 qodef-content--full-width\"><div class=\"qodef-section-background-overlay\"><\/div><div class=\"qodef-gutenberg-row\">\n<div class=\"wp-block-qi-blocks-column qodef-gutenberg-column qodef-block-821bd4af\"><div class=\"qodef-gutenberg-column-inner\"><\/div><\/div>\n\n\n\n<div class=\"wp-block-qi-blocks-column qodef-gutenberg-column qodef-block-d781d6b7\"><div class=\"qodef-gutenberg-column-inner\">\n<p class=\"has-black-color has-text-color wp-block-paragraph\">Popovac je naselje u Srbiji u op\u0161tini Para\u0107in u Pomoravskom okrugu. Naselje Popovac se nalazi 15km severoisto\u010dno od grada Para\u0107ina, a do njega se mo\u017ee do\u0107i skretanjem (kod Davidovca) sa regionalnog puta M5 (Para\u0107in-Zaje\u010dar). Samo naselje se sastoji od sela Popovca i novosagra\u0111ene kolonije koja se nazivala Nova Kolonija.<\/p>\n<\/div><\/div>\n\n\n\n<div class=\"wp-block-qi-blocks-column qodef-gutenberg-column qodef-block-5d9f4254\"><div class=\"qodef-gutenberg-column-inner\"><\/div><\/div>\n<\/div><\/section>\n\n\n\n<div class=\"wp-block-qi-blocks-spacer qodef-block-container qodef-block-ddd30db2\"><div class=\"qi-block-spacer qodef-block qodef-m\"><\/div><\/div>\n\n\n\n<section class=\"wp-block-qi-blocks-columns qodef-gutenberg-section qodef--template qodef-block-6b08d36a qodef-col-num--3 qodef-col-layout--16-66-16 qodef-content--full-width\"><div class=\"qodef-section-background-overlay\"><\/div><div class=\"qodef-gutenberg-row\">\n<div class=\"wp-block-qi-blocks-column qodef-gutenberg-column qodef-block-b83c41c0\"><div class=\"qodef-gutenberg-column-inner\"><\/div><\/div>\n\n\n\n<div class=\"wp-block-qi-blocks-column qodef-gutenberg-column qodef-block-59ec53b1\"><div class=\"qodef-gutenberg-column-inner\">\n<p class=\"wp-block-paragraph\"><mark style=\"background-color:rgba(0, 0, 0, 0)\" class=\"has-inline-color has-black-color\">Prema popisu iz 2011. bilo je 625 stanovnika. Do 1965. ovo naselje je bilo sedi\u0161te Op\u0161tine Popovac koju su \u010dinila naseljena mesta: Bo\u0161njane, Buljane, Donja Mutnica, Gornja Mutnica, Izvor, Kla\u010devica, Le\u0161je, Popovac, Stubica, \u0160aludovac i Zabrega. Posle ukidanja op\u0161tine podru\u010dje biv\u0161e op\u0161tine je u celini u\u0161lo u sastav op\u0161tine Para\u0107in.<\/mark><\/p>\n<\/div><\/div>\n\n\n\n<div class=\"wp-block-qi-blocks-column qodef-gutenberg-column qodef-block-52690d56\"><div class=\"qodef-gutenberg-column-inner\"><\/div><\/div>\n<\/div><\/section>\n\n\n\n<div class=\"wp-block-qi-blocks-spacer qodef-block-container qodef-block-4413c08b\"><div class=\"qi-block-spacer qodef-block qodef-m\"><\/div><\/div>\n\n\n\n<section class=\"wp-block-qi-blocks-columns qodef-gutenberg-section qodef--template qodef-block-fbbc7d0c qodef-col-num--1 qodef-col-layout--100 qodef-content--boxed\"><div class=\"qodef-section-background-overlay\"><\/div><div class=\"qodef-gutenberg-row\">\n<div class=\"wp-block-qi-blocks-column qodef-gutenberg-column qodef-block-9cbd7c60\"><div class=\"qodef-gutenberg-column-inner\">\n<p class=\"has-text-align-center has-text-color has-link-color has-large-font-size wp-elements-5455dd96acdec0674bdc3f2059d11e74 wp-block-paragraph\" style=\"color:#1eb8e6\"><strong>VREMENSKA LINIJA <\/strong><\/p>\n<\/div><\/div>\n<\/div><\/section>\n\n\n\n<section class=\"wp-block-qi-blocks-columns qodef-gutenberg-section qodef--template qodef-block-761ab329 qodef-col-num--1 qodef-col-layout--100 qodef-content--boxed\"><div class=\"qodef-section-background-overlay\"><\/div><div class=\"qodef-gutenberg-row\">\n<div class=\"wp-block-qi-blocks-column qodef-gutenberg-column qodef-block-3f15d2bb\"><div class=\"qodef-gutenberg-column-inner\">\n<div class=\"wp-block-qi-blocks-timeline qodef-block-container qodef-block-e9052faf\"><div class=\"qi-block-timeline qodef-block qodef-m qodef-timeline--vertical qodef-timeline-layout--vertical-separated qodef--has-appear qodef-line--outside qodef-point--standard qodef-reverse-padding\" data-options=\"{&quot;colNum&quot;:3}\"><div class=\"qodef-timeline-inner\"><div class=\"qodef-e qodef-e-item qodef-obverse\"><div class=\"qodef-e-line-holder\"><span class=\"qodef-e-line\"><\/span><\/div><div class=\"qodef-e-item-inner\"><div class=\"qodef-e-point-holder\"><div class=\"qodef-e-point\"><\/div><\/div><div class=\"qodef-e-side-holder\"><div class=\"qodef-e-image\"><img decoding=\"async\" src=\"http:\/\/moravacem.hola.rs\/wp-content\/uploads\/2024\/04\/Srpski-pravoslavni-manastir-Svete-Ognjene-Marije-1.jpg\" alt=\"\"\/><\/div><\/div><div class=\"qodef-e-content-holder\"><div class=\"qodef-e-date\">XIV VEK<\/div><h4 class=\"qodef-e-title\">SREDNJI VEK<\/h4><p class=\"qodef-e-text\">Poveljom kneza Lazara, manastriru Ravanici 1381. i 1386. godine pominje se selo Popovac sa crkvom Sv. Nikole zajedno sa vodenicom na Topliku i ribnjakom.<\/p><\/div><\/div><\/div><div class=\"qodef-e qodef-e-item qodef-reverse\"><div class=\"qodef-e-line-holder\"><span class=\"qodef-e-line\"><\/span><\/div><div class=\"qodef-e-item-inner\"><div class=\"qodef-e-point-holder\"><div class=\"qodef-e-point\"><\/div><\/div><div class=\"qodef-e-side-holder\"><div class=\"qodef-e-image\"><img decoding=\"async\" src=\"http:\/\/moravacem.hola.rs\/wp-content\/uploads\/2024\/04\/nir_old_fabrika2.jpg\" alt=\"\"\/><\/div><\/div><div class=\"qodef-e-content-holder\"><h4 class=\"qodef-e-title\">RAZVOJ SELA<\/h4><p class=\"qodef-e-text\">Od prete\u017eno nerazvijenog naselja, otkri\u0107em da je selo bogato rudnim bogatstvima kao \u0161to su rude pogodne za proizvodnju cementa, i sa nastankom fabrike za samu proizvodnju selo se postepeno razvijalo. Prvo je sagra\u0111ena fabrika za proizvodnju cementa, koja je bila glavni pokreta\u010d za razvi\u0107e \u0161kole, trgovine, kulture, za\u0161titu zdravlja ali i za samu privredu sela.<\/p><\/div><\/div><\/div><div class=\"qodef-e qodef-e-item qodef-obverse\"><div class=\"qodef-e-line-holder\"><span class=\"qodef-e-line\"><\/span><\/div><div class=\"qodef-e-item-inner\"><div class=\"qodef-e-point-holder\"><div class=\"qodef-e-point\"><\/div><\/div><div class=\"qodef-e-side-holder\"><div class=\"qodef-e-image\"><img decoding=\"async\" src=\"http:\/\/moravacem.hola.rs\/wp-content\/uploads\/2024\/04\/petrus7.jpg\" alt=\"\"\/><\/div><\/div><div class=\"qodef-e-content-holder\"><div class=\"qodef-e-date\">XIV VEK<\/div><h4 class=\"qodef-e-title\">TURSKI IZVORI<\/h4><p class=\"qodef-e-text\">U turskim izvorima se pominje manastir u selu Popovcu. Arheolo\u0161ka iskopavanja koja su vr\u0161ena na lokalitetu \u201ePopljesak&#8220; potvrdila su da su postojale srednjevekovne nekropole. <\/p><\/div><\/div><\/div><div class=\"qodef-e qodef-e-item qodef-reverse\"><div class=\"qodef-e-line-holder\"><span class=\"qodef-e-line\"><\/span><\/div><div class=\"qodef-e-item-inner\"><div class=\"qodef-e-point-holder\"><div class=\"qodef-e-point\"><\/div><\/div><div class=\"qodef-e-side-holder\"><div class=\"qodef-e-image\"><img decoding=\"async\" src=\"http:\/\/moravacem.hola.rs\/wp-content\/uploads\/2024\/04\/Manastir-Svetog-Jovana-Glavoseka.jpg\" alt=\"\"\/><\/div><\/div><div class=\"qodef-e-content-holder\"><div class=\"qodef-e-date\">XIV VEK<\/div><h4 class=\"qodef-e-title\">VRANKOVO<\/h4><p class=\"qodef-e-text\">U srednjem veku Popovac se zvao Vrankovo i po predanju se ka\u017ee da je selo dobilo ime po sve\u0161teniku-popu koji se tu nastanio gde je kasnije nastalo i selo.<\/p><\/div><\/div><\/div><\/div><\/div><\/div>\n\n\n\n<p class=\"has-text-align-center has-text-color has-link-color wp-elements-5aa40dfc80ec24d46efd9dc39d896b61 wp-block-paragraph\" style=\"color:#1eb8e6;font-size:42px;text-transform:uppercase\"><strong>Razvoj i nastanak<br> fabrike<\/strong><\/p>\n\n\n\n<div class=\"wp-block-qi-blocks-timeline qodef-block-container qodef-block-229e4acd\"><div class=\"qi-block-timeline qodef-block qodef-m qodef-timeline--vertical qodef-timeline-layout--vertical-separated qodef--has-appear qodef-line--outside qodef-point--standard qodef-reverse-padding\" data-options=\"{&quot;colNum&quot;:3}\"><div class=\"qodef-timeline-inner\"><div class=\"qodef-e qodef-e-item qodef-obverse\"><div class=\"qodef-e-line-holder\"><span class=\"qodef-e-line\"><\/span><\/div><div class=\"qodef-e-item-inner\"><div class=\"qodef-e-point-holder\"><div class=\"qodef-e-point\"><\/div><\/div><div class=\"qodef-e-side-holder\"><div class=\"qodef-e-image\"><img decoding=\"async\" src=\"http:\/\/moravacem.hola.rs\/wp-content\/uploads\/2024\/04\/razvoj.jpeg\" alt=\"\"\/><\/div><\/div><div class=\"qodef-e-content-holder\"><div class=\"qodef-e-date\">1897<\/div><h4 class=\"qodef-e-title\">Osnivanje<\/h4><p class=\"qodef-e-text\">Teren na kome se nalazi selo Popovac je bogat rudnim bogastvima koja su pogodna za proizvodnju cementa i klinkera. Me\u0161tanin sela Popovca, Nikodije Pavi\u0107evi\u0107, 1897. godine dolazi na ideju da ispe\u010de sivu zemlju a potom da je samelje u vodenici i na taj na\u010din dobije svoj proizvod poznat kao cement. Vrlo brzo posle toga ugledni Beogra\u0111anin, Lazar Jovanovi\u0107, dolazi u selo osniva svoje preduze\u0107e i zapo\u010dinje svoju proizvodnju cementa.<\/p><\/div><\/div><\/div><div class=\"qodef-e qodef-e-item qodef-reverse\"><div class=\"qodef-e-line-holder\"><span class=\"qodef-e-line\"><\/span><\/div><div class=\"qodef-e-item-inner\"><div class=\"qodef-e-point-holder\"><div class=\"qodef-e-point\"><\/div><\/div><div class=\"qodef-e-side-holder\"><div class=\"qodef-e-image\"><img decoding=\"async\" src=\"http:\/\/moravacem.hola.rs\/wp-content\/uploads\/2024\/04\/2-e1712236548196.jpg\" alt=\"\"\/><\/div><\/div><div class=\"qodef-e-content-holder\"><h4 class=\"qodef-e-title\">Dalji razvoj<\/h4><p class=\"qodef-e-text\">On je napravio pe\u0107 u zemlji pre\u010dnika dva metra gde je pekao zemlju, a u vodenici poto\u010dari je mleo tu ispe\u010denu zemlju i na taj na\u010din proizvodio klinker i cement. <\/p><\/div><\/div><\/div><div class=\"qodef-e qodef-e-item qodef-obverse\"><div class=\"qodef-e-line-holder\"><span class=\"qodef-e-line\"><\/span><\/div><div class=\"qodef-e-item-inner\"><div class=\"qodef-e-point-holder\"><div class=\"qodef-e-point\"><\/div><\/div><div class=\"qodef-e-side-holder\"><div class=\"qodef-e-image\"><img decoding=\"async\" src=\"http:\/\/moravacem.hola.rs\/wp-content\/uploads\/2024\/04\/3jpg.jpg\" alt=\"\"\/><\/div><\/div><div class=\"qodef-e-content-holder\"><div class=\"qodef-e-date\">1903.<\/div><h4 class=\"qodef-e-title\">700 tona godi\u0161nje<\/h4><p class=\"qodef-e-text\">Fabrika cementa u Popovcu 1903. godine je proizvodila 700 tona cementa godi\u0161nje.<\/p><\/div><\/div><\/div><div class=\"qodef-e qodef-e-item qodef-reverse\"><div class=\"qodef-e-line-holder\"><span class=\"qodef-e-line\"><\/span><\/div><div class=\"qodef-e-item-inner\"><div class=\"qodef-e-point-holder\"><div class=\"qodef-e-point\"><\/div><\/div><div class=\"qodef-e-side-holder\"><div class=\"qodef-e-image\"><img decoding=\"async\" src=\"http:\/\/moravacem.hola.rs\/wp-content\/uploads\/2024\/04\/314532_216686455052180_907226414_n.jpg\" alt=\"\"\/><\/div><\/div><div class=\"qodef-e-content-holder\"><div class=\"qodef-e-date\">1913<\/div><h4 class=\"qodef-e-title\">Pre po\u010detka Prvog svetskog rata<\/h4><p class=\"qodef-e-text\">Pred Prvi svetski rat fabrika cementa jo\u0161 jednom menja svog vlasnika i postaje vlasni\u0161tvo novoosnovanog akcionarskog dru\u0161tva Francusko-Srpska industrija cementa. Vlasnici ve\u0107 1913. godine modernizuju fabriku i podi\u017eu proizvodnju cementa na 20.000 tona cementa godi\u0161nje.<\/p><\/div><\/div><\/div><div class=\"qodef-e qodef-e-item qodef-obverse\"><div class=\"qodef-e-line-holder\"><span class=\"qodef-e-line\"><\/span><\/div><div class=\"qodef-e-item-inner\"><div class=\"qodef-e-point-holder\"><div class=\"qodef-e-point\"><\/div><\/div><div class=\"qodef-e-side-holder\"><div class=\"qodef-e-image\"><img decoding=\"async\" src=\"http:\/\/moravacem.hola.rs\/wp-content\/uploads\/2024\/04\/nir_old_fabrika2-1.jpg\" alt=\"\"\/><\/div><\/div><div class=\"qodef-e-content-holder\"><div class=\"qodef-e-date\">Do 1939.<\/div><h4 class=\"qodef-e-title\">Pre po\u010detka Drugog svetskog rata<\/h4><p class=\"qodef-e-text\">Pred Drugi svetski rat fabrika cementa je proizvodila 44.000 tona cementa godi\u0161nje.<\/p><\/div><\/div><\/div><div class=\"qodef-e qodef-e-item qodef-reverse\"><div class=\"qodef-e-line-holder\"><span class=\"qodef-e-line\"><\/span><\/div><div class=\"qodef-e-item-inner\"><div class=\"qodef-e-point-holder\"><div class=\"qodef-e-point\"><\/div><\/div><div class=\"qodef-e-side-holder\"><div class=\"qodef-e-image\"><img decoding=\"async\" src=\"http:\/\/moravacem.hola.rs\/wp-content\/uploads\/2024\/04\/Cementara-Popovac.jpg\" alt=\"\"\/><\/div><\/div><div class=\"qodef-e-content-holder\"><div class=\"qodef-e-date\">Nakon 1945.<\/div><h4 class=\"qodef-e-title\">Nakon Drugog svetskog rata<\/h4><p class=\"qodef-e-text\">Posle Drugog svetskog rata fabrika cementa je nacionalizovana 1946. godine. Nova fabrika cementa je zavr\u0161ena 1956. godine i dobija naziv Novi Popovac. <\/p><\/div><\/div><\/div><div class=\"qodef-e qodef-e-item qodef-obverse\"><div class=\"qodef-e-line-holder\"><span class=\"qodef-e-line\"><\/span><\/div><div class=\"qodef-e-item-inner\"><div class=\"qodef-e-point-holder\"><div class=\"qodef-e-point\"><\/div><\/div><div class=\"qodef-e-side-holder\"><div class=\"qodef-e-image\"><img decoding=\"async\" src=\"http:\/\/moravacem.hola.rs\/wp-content\/uploads\/2024\/04\/301053_216686105052215_293588092_n.jpg\" alt=\"\"\/><\/div><\/div><div class=\"qodef-e-content-holder\"><div class=\"qodef-e-date\">1960\/1970. godine<\/div><h4 class=\"qodef-e-title\">Modernizacija<\/h4><p class=\"qodef-e-text\">Nova fabrika je po\u010detkom \u0161ezdesetih godina godi\u0161nje proizvodila 400.000 tona cementa. Krajem 70-tih modernizacijom fabrike dosti\u017ee se godi\u0161nja proizvodnja od 700.000 tona cementa.<\/p><\/div><\/div><\/div><div class=\"qodef-e qodef-e-item qodef-reverse\"><div class=\"qodef-e-line-holder\"><span class=\"qodef-e-line\"><\/span><\/div><div class=\"qodef-e-item-inner\"><div class=\"qodef-e-point-holder\"><div class=\"qodef-e-point\"><\/div><\/div><div class=\"qodef-e-side-holder\"><div class=\"qodef-e-image\"><img decoding=\"async\" src=\"http:\/\/moravacem.hola.rs\/wp-content\/uploads\/2024\/04\/1-1-e1712237651760.jpg\" alt=\"\"\/><\/div><\/div><div class=\"qodef-e-content-holder\"><div class=\"qodef-e-date\">1981. <\/div><h4 class=\"qodef-e-title\">Modernizacija se nastavlja<\/h4><p class=\"qodef-e-text\">Ugradnjom ve\u0107e pe\u0107i fabrika 1981. godina dosti\u017ee godi\u0161nju proizvodnju koja prebacuje 1.000.000 tona cementa godi\u0161nje. <\/p><\/div><\/div><\/div><div class=\"qodef-e qodef-e-item qodef-obverse\"><div class=\"qodef-e-line-holder\"><span class=\"qodef-e-line\"><\/span><\/div><div class=\"qodef-e-item-inner\"><div class=\"qodef-e-point-holder\"><div class=\"qodef-e-point\"><\/div><\/div><div class=\"qodef-e-side-holder\"><div class=\"qodef-e-image\"><img decoding=\"async\" src=\"http:\/\/moravacem.hola.rs\/wp-content\/uploads\/2024\/04\/promena.jpg\" alt=\"\"\/><\/div><\/div><div class=\"qodef-e-content-holder\"><div class=\"qodef-e-date\">2002.<\/div><h4 class=\"qodef-e-title\">21. vek<\/h4><p class=\"qodef-e-text\">Novo poglavlje za ovu fabriku nastaje 2002. godine kada ona menja vlasnika i na \u010delu fabrike dolazi Holcim koji investira u modernizaciju fabrike kako bi pobolj\u0161ao proizvodnju cementa. <\/p><\/div><\/div><\/div><div class=\"qodef-e qodef-e-item qodef-reverse\"><div class=\"qodef-e-line-holder\"><span class=\"qodef-e-line\"><\/span><\/div><div class=\"qodef-e-item-inner\"><div class=\"qodef-e-point-holder\"><div class=\"qodef-e-point\"><\/div><\/div><div class=\"qodef-e-side-holder\"><div class=\"qodef-e-image\"><img decoding=\"async\" src=\"http:\/\/moravacem.hola.rs\/wp-content\/uploads\/2024\/04\/Popovac_cementara1.jpg\" alt=\"\"\/><\/div><\/div><div class=\"qodef-e-content-holder\"><div class=\"qodef-e-date\">2024. godina<\/div><h4 class=\"qodef-e-title\">Danas<\/h4><p class=\"qodef-e-text\">Danas fabrika cementa koja posluje u sastavu svetskih proizvo\u0111a\u010da cementa i dalje radi na pobolj\u0161anju proizvodnje cementa kako bi mogla da odgovori svetskim zahtevima.<\/p><\/div><\/div><\/div><\/div><\/div><\/div>\n<\/div><\/div>\n<\/div><\/section>\n","protected":false},"excerpt":{"rendered":"<p>istorija popovca<\/p>\n","protected":false},"author":1,"featured_media":0,"parent":0,"menu_order":0,"comment_status":"closed","ping_status":"open","template":"","meta":{"footnotes":""},"class_list":["post-1628","page","type-page","status-publish","hentry","entry"],"_links":{"self":[{"href":"http:\/\/moravacem.hola.rs\/index.php?rest_route=\/wp\/v2\/pages\/1628","targetHints":{"allow":["GET"]}}],"collection":[{"href":"http:\/\/moravacem.hola.rs\/index.php?rest_route=\/wp\/v2\/pages"}],"about":[{"href":"http:\/\/moravacem.hola.rs\/index.php?rest_route=\/wp\/v2\/types\/page"}],"author":[{"embeddable":true,"href":"http:\/\/moravacem.hola.rs\/index.php?rest_route=\/wp\/v2\/users\/1"}],"replies":[{"embeddable":true,"href":"http:\/\/moravacem.hola.rs\/index.php?rest_route=%2Fwp%2Fv2%2Fcomments&post=1628"}],"version-history":[{"count":70,"href":"http:\/\/moravacem.hola.rs\/index.php?rest_route=\/wp\/v2\/pages\/1628\/revisions"}],"predecessor-version":[{"id":6381,"href":"http:\/\/moravacem.hola.rs\/index.php?rest_route=\/wp\/v2\/pages\/1628\/revisions\/6381"}],"wp:attachment":[{"href":"http:\/\/moravacem.hola.rs\/index.php?rest_route=%2Fwp%2Fv2%2Fmedia&parent=1628"}],"curies":[{"name":"wp","href":"https:\/\/api.w.org\/{rel}","templated":true}]}}